{"id":3225,"date":"2013-03-12T16:21:58","date_gmt":"2013-03-12T16:21:58","guid":{"rendered":"http:\/\/evaristovalle.com\/?page_id=18"},"modified":"2013-03-12T16:21:58","modified_gmt":"2013-03-12T16:21:58","slug":"fundacion-evaristo-valle-2","status":"publish","type":"page","link":"https:\/\/evaristovalle.com\/en\/the-foundation\/","title":{"rendered":"La Fundaci\u00f3n"},"content":{"rendered":"<p><strong>El Museo Evaristo Valle, constitu\u00eddo en 1981 como Fundaci\u00f3n Cultural<\/strong>, es fruto del cari\u00f1o y la generosidad de Mar\u00eda Rodr\u00edguez del Valle -sobrina del pintor- quien desde su muerte en\u00a0<strong>1951<\/strong>\u00a0atesor\u00f3 con admirable celo obras, objetos personales y documentos del artista que hoy integran los fondos del museo, a los que uni\u00f3 una dotaci\u00f3n y su residencia con dos edificios en Somi\u00f3, Gij\u00f3n: uno de ellos\u00a0construido\u00a0expresamente para museo en\u00a0<strong>1971<\/strong>, el otro, un antiguo palacete de finales de\u00a0<strong>siglo XIX, reformado en 1942 y adaptado posteriormente a los nuevos fines.<\/strong><\/p>\n<p>Ambos edificios se encuentran dentro de unos espl\u00e9ndidos jardines, mezcla de jardiner\u00eda francesa e inglesa, que con m\u00e1s de 16.000 metros cuadrados conservan, despu\u00e9s de un siglo, buena parte del trazado, elementos ornamentales y muchas de sus 120 especies diferentes de \u00e1rboles y arbustos, en su mayor\u00eda aut\u00f3ctonos.<\/p>\n<p><strong>El museo,<\/strong>\u00a0forma as\u00ed un marco incomparable que cargado de melancol\u00eda est\u00e1 en perfecta sinton\u00eda tanto con la obra y la personalidad de Evaristo Valle, como con la de su fundadora. En los jardines se exponen m\u00e1s de una cincuentena de esculturas, preferentemente de artistas contempor\u00e1neos, existiendo un espacio para la contemplaci\u00f3n y el estudio de las aves y otro dedicado al Bonsai.<\/p>\n<p>Con independencia de las exposiciones temporales, actividades educativas y musicales, el museo exhibe permanentemente m\u00e1s de un centenar de obras de Evaristo Valle, que organizadas de forma cronol\u00f3gica, tem\u00e1tica o t\u00e9cnica, nos permiten aproximarnos a su profundo, variado y rico legado dibuj\u00edstico y pict\u00f3rico.<\/p>\n<p>Se exhibe igualmente, junto a la reconstrucci\u00f3n de su estudio, la sugerente colecci\u00f3n de conchas heredada por el pintor de su padre.<\/p>\n","protected":false},"excerpt":{"rendered":"<p>El Museo Evaristo Valle, constitu\u00eddo en 1981 como Fundaci\u00f3n Cultural, es fruto del cari\u00f1o y la generosidad de Mar\u00eda Rodr\u00edguez del Valle -sobrina del pintor- quien desde su muerte en\u00a01951\u00a0atesor\u00f3 con admirable celo obras, objetos personales y documentos del artista que hoy integran los fondos del museo, a los que uni\u00f3 una dotaci\u00f3n y su residencia con dos edificios en Somi\u00f3, Gij\u00f3n: uno de ellos\u00a0construido\u00a0expresamente para museo en\u00a01971, el otro, un antiguo palacete de finales de\u00a0siglo XIX, reformado en 1942 y adaptado posteriormente a los nuevos fines. Ambos edificios se encuentran dentro de unos espl\u00e9ndidos jardines, mezcla de jardiner\u00eda francesa e inglesa, que con m\u00e1s de 16.000 metros cuadrados conservan, [&hellip;]<\/p>\n","protected":false},"author":1,"featured_media":0,"parent":0,"menu_order":0,"comment_status":"open","ping_status":"open","template":"","meta":{"footnotes":""},"_links":{"self":[{"href":"https:\/\/evaristovalle.com\/en\/wp-json\/wp\/v2\/pages\/3225"}],"collection":[{"href":"https:\/\/evaristovalle.com\/en\/wp-json\/wp\/v2\/pages"}],"about":[{"href":"https:\/\/evaristovalle.com\/en\/wp-json\/wp\/v2\/types\/page"}],"author":[{"embeddable":true,"href":"https:\/\/evaristovalle.com\/en\/wp-json\/wp\/v2\/users\/1"}],"replies":[{"embeddable":true,"href":"https:\/\/evaristovalle.com\/en\/wp-json\/wp\/v2\/comments?post=3225"}],"version-history":[{"count":0,"href":"https:\/\/evaristovalle.com\/en\/wp-json\/wp\/v2\/pages\/3225\/revisions"}],"wp:attachment":[{"href":"https:\/\/evaristovalle.com\/en\/wp-json\/wp\/v2\/media?parent=3225"}],"curies":[{"name":"wp","href":"https:\/\/api.w.org\/{rel}","templated":true}]}}