{"id":3229,"date":"2013-03-19T10:14:35","date_gmt":"2013-03-19T10:14:35","guid":{"rendered":"http:\/\/evaristovalle.com\/?page_id=325"},"modified":"2013-03-19T10:14:35","modified_gmt":"2013-03-19T10:14:35","slug":"jardines","status":"publish","type":"page","link":"https:\/\/evaristovalle.com\/en\/the-museum\/gardens\/","title":{"rendered":"Jardines"},"content":{"rendered":"<p><strong>Los jardines<\/strong>, que fueron transformando su car\u00e1cter r\u00fastico desde mediados del<strong> siglo XIX<\/strong>, deben su especial fisionom\u00eda actual \u2013mezcla de jardiner\u00eda francesa e inglesa- tanto a <strong>William Perlington Mc Alister, vicec\u00f3nsul de Inglaterra en Gij\u00f3n,<\/strong> que adquirir\u00eda la finca en 1885, como a las posteriores modificaciones que introdujo Jos\u00e9 Mar\u00eda Rodr\u00edguez, marido de la fundadora, al convertirla en su residencia en 1914.<\/p>\n<p>\u00a0<\/p>\n<p>\u00a0<\/p>\n<p>\u00a0<\/p>\n<p><a href=\"http:\/\/evaristovalle.com\/wp-content\/uploads\/2013\/03\/Jardines-Evaristo-Valle.jpg\"><img loading=\"lazy\" decoding=\"async\" class=\"size-full wp-image-530 alignleft\" alt=\"Jardines-Evaristo-Valle\" src=\"http:\/\/evaristovalle.com\/wp-content\/uploads\/2013\/03\/Jardines-Evaristo-Valle.jpg\" width=\"480\" height=\"300\" srcset=\"https:\/\/evaristovalle.com\/wp-content\/uploads\/2013\/03\/Jardines-Evaristo-Valle.jpg 480w, https:\/\/evaristovalle.com\/wp-content\/uploads\/2013\/03\/Jardines-Evaristo-Valle-300x187.jpg 300w, https:\/\/evaristovalle.com\/wp-content\/uploads\/2013\/03\/Jardines-Evaristo-Valle-478x300.jpg 478w\" sizes=\"(max-width: 480px) 100vw, 480px\" \/><\/a><\/p>\n<p>Los jardines del <strong>Museo Evaristo Valle<\/strong>, con m\u00e1s de 120 especies diferentes de \u00e1rboles y arbustos en su mayor\u00eda centenarios, muchos de ellos \u00fanicos en los jardines p\u00fablicos espa\u00f1oles y en los que predominan ejemplares centenarios de extra\u00f1as y ancestrales podas, conservan todo el car\u00e1cter y el encanto de la \u00e9poca, estando presente en ellos elementos decorativos y ornamentales que exist\u00edan ya en los primeros a\u00f1os del siglo: bancos, veladores, fuentes, estatuas, etc., a los que se han incorporado de acuerdo con su nuevo uso, esculturas contempor\u00e1neas, siendo adem\u00e1s marco de conciertos, exposiciones y otras actividades culturales y educativas.<\/p>\n","protected":false},"excerpt":{"rendered":"<p>Los jardines, que fueron transformando su car\u00e1cter r\u00fastico desde mediados del siglo XIX, deben su especial fisionom\u00eda actual \u2013mezcla de jardiner\u00eda francesa e inglesa- tanto a William Perlington Mc Alister, vicec\u00f3nsul de Inglaterra en Gij\u00f3n, que adquirir\u00eda la finca en 1885, como a las posteriores modificaciones que introdujo Jos\u00e9 Mar\u00eda Rodr\u00edguez, marido de la fundadora, al convertirla en su residencia en 1914. \u00a0 \u00a0 \u00a0 Los jardines del Museo Evaristo Valle, con m\u00e1s de 120 especies diferentes de \u00e1rboles y arbustos en su mayor\u00eda centenarios, muchos de ellos \u00fanicos en los jardines p\u00fablicos espa\u00f1oles y en los que predominan ejemplares centenarios de extra\u00f1as y ancestrales podas, conservan todo el car\u00e1cter [&hellip;]<\/p>\n","protected":false},"author":1,"featured_media":0,"parent":3228,"menu_order":2,"comment_status":"open","ping_status":"open","template":"","meta":{"footnotes":""},"_links":{"self":[{"href":"https:\/\/evaristovalle.com\/en\/wp-json\/wp\/v2\/pages\/3229"}],"collection":[{"href":"https:\/\/evaristovalle.com\/en\/wp-json\/wp\/v2\/pages"}],"about":[{"href":"https:\/\/evaristovalle.com\/en\/wp-json\/wp\/v2\/types\/page"}],"author":[{"embeddable":true,"href":"https:\/\/evaristovalle.com\/en\/wp-json\/wp\/v2\/users\/1"}],"replies":[{"embeddable":true,"href":"https:\/\/evaristovalle.com\/en\/wp-json\/wp\/v2\/comments?post=3229"}],"version-history":[{"count":0,"href":"https:\/\/evaristovalle.com\/en\/wp-json\/wp\/v2\/pages\/3229\/revisions"}],"up":[{"embeddable":true,"href":"https:\/\/evaristovalle.com\/en\/wp-json\/wp\/v2\/pages\/3228"}],"wp:attachment":[{"href":"https:\/\/evaristovalle.com\/en\/wp-json\/wp\/v2\/media?parent=3229"}],"curies":[{"name":"wp","href":"https:\/\/api.w.org\/{rel}","templated":true}]}}